{"id":988784,"date":"2025-03-12T19:42:47","date_gmt":"2025-03-12T19:42:47","guid":{"rendered":"https:\/\/dajano.eu\/?page_id=988784"},"modified":"2025-03-20T22:01:27","modified_gmt":"2025-03-20T22:01:27","slug":"webbplatsregler","status":"publish","type":"page","link":"https:\/\/dajano.pl\/se\/webbplatsregler\/","title":{"rendered":"Webbplatsbest\u00e4mmelser"},"content":{"rendered":"<div data-elementor-type=\"wp-page\" data-elementor-id=\"988784\" class=\"elementor elementor-988784\" data-elementor-post-type=\"page\">\n\t\t\t\t\t\t<section class=\"elementor-section elementor-top-section elementor-element elementor-element-6c5644c elementor-section-boxed elementor-section-height-default elementor-section-height-default\" data-id=\"6c5644c\" data-element_type=\"section\">\n\t\t\t\t\t\t<div class=\"elementor-container elementor-column-gap-default\">\n\t\t\t\t\t<div class=\"elementor-column elementor-col-100 elementor-top-column elementor-element elementor-element-759c98e\" data-id=\"759c98e\" data-element_type=\"column\">\n\t\t\t<div class=\"elementor-widget-wrap elementor-element-populated\">\n\t\t\t\t\t\t<div class=\"elementor-element elementor-element-9af75f0 animated-slow elementor-invisible elementor-widget elementor-widget-heading\" data-id=\"9af75f0\" data-element_type=\"widget\" data-settings=\"{&quot;_animation&quot;:&quot;fadeIn&quot;,&quot;_animation_tablet&quot;:&quot;none&quot;}\" data-widget_type=\"heading.default\">\n\t\t\t\t<div class=\"elementor-widget-container\">\n\t\t\t\t\t<h1 class=\"elementor-heading-title elementor-size-default\">Webbplatsbest\u00e4mmelser<\/h1>\t\t\t\t<\/div>\n\t\t\t\t<\/div>\n\t\t\t\t<div class=\"elementor-element elementor-element-88a728c animated-slow elementor-invisible elementor-widget elementor-widget-heading\" data-id=\"88a728c\" data-element_type=\"widget\" data-settings=\"{&quot;_animation&quot;:&quot;fadeIn&quot;,&quot;_animation_tablet&quot;:&quot;none&quot;,&quot;_animation_delay&quot;:300}\" data-widget_type=\"heading.default\">\n\t\t\t\t<div class=\"elementor-widget-container\">\n\t\t\t\t\t<p class=\"elementor-heading-title elementor-size-default\">RODO - Villkor och best\u00e4mmelser f\u00f6r anv\u00e4ndning<\/p>\t\t\t\t<\/div>\n\t\t\t\t<\/div>\n\t\t\t\t<div class=\"elementor-element elementor-element-31a03c4 elementor-widget elementor-widget-spacer\" data-id=\"31a03c4\" data-element_type=\"widget\" data-widget_type=\"spacer.default\">\n\t\t\t\t<div class=\"elementor-widget-container\">\n\t\t\t\t\t\t\t<div class=\"elementor-spacer\">\n\t\t\t<div class=\"elementor-spacer-inner\"><\/div>\n\t\t<\/div>\n\t\t\t\t\t\t<\/div>\n\t\t\t\t<\/div>\n\t\t\t\t\t<\/div>\n\t\t<\/div>\n\t\t\t\t\t<\/div>\n\t\t<\/section>\n\t\t\t\t<section class=\"elementor-section elementor-top-section elementor-element elementor-element-1fcb2d8 elementor-section-boxed elementor-section-height-default elementor-section-height-default\" data-id=\"1fcb2d8\" data-element_type=\"section\">\n\t\t\t\t\t\t<div class=\"elementor-container elementor-column-gap-no\">\n\t\t\t\t\t<div class=\"elementor-column elementor-col-100 elementor-top-column elementor-element elementor-element-5923213\" data-id=\"5923213\" data-element_type=\"column\">\n\t\t\t<div class=\"elementor-widget-wrap elementor-element-populated\">\n\t\t\t\t\t\t<div class=\"elementor-element elementor-element-ad5ea4a elementor-widget elementor-widget-heading\" data-id=\"ad5ea4a\" data-element_type=\"widget\" data-widget_type=\"heading.default\">\n\t\t\t\t<div class=\"elementor-widget-container\">\n\t\t\t\t\t<h3 class=\"elementor-heading-title elementor-size-default\">I. INFORMATION TILL KUNDER<\/h3>\t\t\t\t<\/div>\n\t\t\t\t<\/div>\n\t\t\t\t<div class=\"elementor-element elementor-element-d10225c elementor-widget elementor-widget-text-editor\" data-id=\"d10225c\" data-element_type=\"widget\" data-widget_type=\"text-editor.default\">\n\t\t\t\t<div class=\"elementor-widget-container\">\n\t\t\t\t\t\t\t\t\t<p class=\"tm-0\">I enlighet med best\u00e4mmelserna i Europaparlamentets och r\u00e5dets allm\u00e4nna f\u00f6rordning (EU) 2016\/679 av den 27 april 2016 om skydd f\u00f6r fysiska personer med avseende p\u00e5 behandling av personuppgifter och om det fria fl\u00f6det av s\u00e5dana uppgifter och om upph\u00e4vande av direktiv 95\/46\/EG (RODO) informerar jag er om f\u00f6ljande:<\/p><ol class=\"tresc1\"><li>Personuppgiftsansvarig f\u00f6r behandlingen av personuppgifter \u00e4r JACEK NOGAJ som bedriver verksamhet under namnet P.H.U.P. \u201cDajano\u201d Jacek Nogaj ul. Ogrodowa 71, 62-680 Opat\u00f3wek, tel. (062) 769 18 41, e-post: box@dajano.pl, NIP: 6180011390.<\/li><li>Av best\u00e4mmelserna i Europaparlamentets ovann\u00e4mnda f\u00f6rordning f\u00f6ljer att en enskild person vars uppgifter behandlas har r\u00e4tt att av den personuppgiftsansvarige beg\u00e4ra tillg\u00e5ng till, r\u00e4ttelse av, radering av eller begr\u00e4nsning av behandlingen av personuppgifter som r\u00f6r den registrerade, samt att inv\u00e4nda mot behandlingen och har r\u00e4tt till dataportabilitet.<\/li><li>Personuppgifter kommer inte att vidarebefordras till datamottagare eller tredje part annat \u00e4n:<ul class=\"tresc\"><li>beh\u00f6riga anst\u00e4llda hos arbetsgivaren,<\/li><li>till f\u00f6ljd av lagstiftningen,<\/li><li>f\u00f6r implementeringen av bolagets banktj\u00e4nst,<\/li><li>tj\u00e4nsteleverant\u00f6rer som enligt avtal anf\u00f6rtrotts behandlingen av personuppgifter i syfte att utf\u00f6ra de tj\u00e4nster som tillhandah\u00e5lls administrat\u00f6ren, deras beh\u00f6riga anst\u00e4llda - i den utstr\u00e4ckning som kr\u00e4vs f\u00f6r att dessa tj\u00e4nster ska kunna utf\u00f6ras p\u00e5 ett korrekt s\u00e4tt,<\/li><li>enheter som samarbetar med den personuppgiftsansvarige och till vilka personuppgifter g\u00f6rs tillg\u00e4ngliga p\u00e5 grundval av den registrerades samtycke och f\u00f6r de \u00e4ndam\u00e5l som anges d\u00e4r.<\/li><\/ul><\/li><li>Personuppgifter kommer inte att \u00f6verf\u00f6ras till ett tredje land eller en internationell organisation.<\/li><li>Behandlingen sker i samband med fullg\u00f6randet av ett avtal i vilket den person som l\u00e4mnar personuppgifterna \u00e4r part och \u00e4r n\u00f6dv\u00e4ndig f\u00f6r att fullg\u00f6ra avtalets \u00e4ndam\u00e5l (artikel 6.1 b i RODO).<\/li><li>Tillhandah\u00e5llandet av personuppgifter \u00e4r n\u00f6dv\u00e4ndigt och tj\u00e4nar\u00a0<strong>uteslutande f\u00f6r att fullg\u00f6ra det avtal som uppgifterna avser<\/strong>. Behandlingen av de personuppgifter som tillhandah\u00e5lls kommer inte att bli f\u00f6rem\u00e5l f\u00f6r automatiserat beslutsfattande i efterhand, inklusive profilering, i enlighet med artikel 22.1 och 22.4 i RODO<\/li><li>Den person vars uppgifter behandlas har, om han\/hon anser att behandlingen strider mot best\u00e4mmelserna i lagen, r\u00e4tt att l\u00e4mna in ett klagom\u00e5l till tillsynsmyndigheten, som \u00e4r kontoret f\u00f6r skydd av personuppgifter (00-193 Warszawa, ul. Stawki 2, tel. 22 531 03 00, fax. 22 531 03 01.<\/li><li>Personuppgifter kommer att lagras under den period som kr\u00e4vs f\u00f6r att uppfylla de syften som anges i punkt 6, och d\u00e4refter i den utstr\u00e4ckning som kr\u00e4vs enligt allm\u00e4n lag.<\/li><li>Video\u00f6vervakning \u00e4r installerad i arbetslokalerna. Syftet med \u00f6vervakningen \u00e4r: att garantera medarbetarnas s\u00e4kerhet, skydda egendom och kontrollera produktionen. Produktionshallar, kommunikationsv\u00e4gar och tekniska v\u00e4gar i hela anl\u00e4ggningen \u00f6vervakas, med undantag f\u00f6r sanit\u00e4ra anl\u00e4ggningar och omkl\u00e4dningsrum. \u00d6vervakningsn\u00e4tverket best\u00e5r av kameror som \u00e4r placerade p\u00e5 synliga platser p\u00e5 arbetsplatsen och vars placering meddelas den anst\u00e4llde under den f\u00f6rsta genomg\u00e5ngen av arbetsplatsens utformning. \u00d6vervakningsfilmen lagras i en m\u00e5nad p\u00e5 en diskett som finns p\u00e5 arbetsplatsen, varefter den raderas automatiskt.<\/li><\/ol>\t\t\t\t\t\t\t\t<\/div>\n\t\t\t\t<\/div>\n\t\t\t\t<div class=\"elementor-element elementor-element-4a7087e elementor-widget elementor-widget-heading\" data-id=\"4a7087e\" data-element_type=\"widget\" data-widget_type=\"heading.default\">\n\t\t\t\t<div class=\"elementor-widget-container\">\n\t\t\t\t\t<h3 class=\"elementor-heading-title elementor-size-default\">II. INFORMATION UNDER REKRYTERINGSPROCESSEN<\/h3>\t\t\t\t<\/div>\n\t\t\t\t<\/div>\n\t\t\t\t<div class=\"elementor-element elementor-element-ff17bec elementor-widget elementor-widget-text-editor\" data-id=\"ff17bec\" data-element_type=\"widget\" data-widget_type=\"text-editor.default\">\n\t\t\t\t<div class=\"elementor-widget-container\">\n\t\t\t\t\t\t\t\t\t<p class=\"tm-0\">V\u00e4nligen inkludera en klausul om samtycke till behandling av personuppgifter i ditt CV som skickas till rekryteringsprocessen. F\u00f6reslaget inneh\u00e5ll:<br \/>\u201cJag samtycker till att min bild anv\u00e4nds i rekryteringssyfte och att mitt CV anv\u00e4nds i framtida rekryteringsprocesser som organiseras av Jacek Nogaj, som bedriver verksamhet under namnet P.H.U.P. , \u201dDajano\u201d Jacek Nogaj ul. Ogrodowa 71, 62-680 Opat\u00f3wek , tel. (062) 769 18 41, e-post: box@dajano.pl, NIP: 6180011390. Jag har tagit del av informationen p\u00e5 webbplatsen: www.dajano.pl.\"<\/p><p class=\"tm-0\">I enlighet med best\u00e4mmelserna i Europaparlamentets och r\u00e5dets allm\u00e4nna f\u00f6rordning (EU) 2016\/679 av den 27 april 2016 om skydd f\u00f6r fysiska personer med avseende p\u00e5 behandling av personuppgifter och om det fria fl\u00f6det av s\u00e5dana uppgifter och om upph\u00e4vande av direktiv 95\/46\/EG (RODO) informerar jag er om f\u00f6ljande:<\/p><ol class=\"tresc1\" start=\"10\"><li>JACEK NOGAJ bedriver verksamhet under firman P.H.U.P. \u201cDajano\u201d Jacek Nogaj ul. Ogrodowa 71, 62-680 Opat\u00f3wek, tel. (062) 769 18 41, e-post: box@dajano.pl, NIP: 6180011390<\/li><li>Av best\u00e4mmelserna i Europaparlamentets ovann\u00e4mnda f\u00f6rordning f\u00f6ljer att en enskild person vars uppgifter behandlas har r\u00e4tt att av den personuppgiftsansvarige beg\u00e4ra tillg\u00e5ng till, r\u00e4ttelse av, radering av eller begr\u00e4nsning av behandlingen av personuppgifter som r\u00f6r den registrerade, samt att inv\u00e4nda mot behandlingen och har r\u00e4tt till dataportabilitet.<\/li><li>Personuppgifter kommer inte att vidarebefordras till datamottagare eller tredje part annat \u00e4n:<br \/><ul class=\"tresc\"><li>beh\u00f6riga anst\u00e4llda hos administrat\u00f6ren,<\/li><li>till f\u00f6ljd av lagstiftningen.<\/li><\/ul><\/li><li>Personuppgifter kommer inte att \u00f6verf\u00f6ras till ett tredje land eller en internationell organisation.<\/li><li>Behandlingen grundar sig p\u00e5 samtycke fr\u00e5n den person som l\u00e4mnat uppgifterna i samband med rekryteringsf\u00f6rfarandet. Samtycket kan \u00e5terkallas n\u00e4r som helst, utan att det p\u00e5verkar lagligheten av den behandling som utf\u00f6rts p\u00e5 grundval av samtycket innan det \u00e5terkallades.<\/li><li>Tillhandah\u00e5llandet av personuppgifter \u00e4r frivilligt och tj\u00e4nar\u00a0<strong>endast rekryteringsprocessen<\/strong>\u00a0och f\u00f6r dess syften \u00e4r n\u00f6dv\u00e4ndig (artikel 6.1 a i RODO). Behandlingen av de tillhandah\u00e5llna personuppgifterna kommer inte att bli f\u00f6rem\u00e5l f\u00f6r automatiserat beslutsfattande i efterhand, inklusive profilering, i enlighet med artikel 22.1 och 22.4 i RODO.<\/li><li>Den person vars uppgifter behandlas har, om han\/hon anser att behandlingen strider mot best\u00e4mmelserna i lagen, r\u00e4tt att l\u00e4mna in ett klagom\u00e5l till tillsynsmyndigheten, som \u00e4r kontoret f\u00f6r skydd av personuppgifter (00-193 Warszawa, ul. Stawki 2, tel. 22 531 03 00, fax. 22 531 03 01.<\/li><li>Personuppgifter kommer att lagras under den period som kr\u00e4vs f\u00f6r att uppfylla de syften som anges i punkt 15, och d\u00e4refter i den utstr\u00e4ckning som kr\u00e4vs enligt allm\u00e4n lag.<\/li><\/ol><p>\u00a0<\/p>\t\t\t\t\t\t\t\t<\/div>\n\t\t\t\t<\/div>\n\t\t\t\t<div class=\"elementor-element elementor-element-12e798f elementor-widget elementor-widget-heading\" data-id=\"12e798f\" data-element_type=\"widget\" data-widget_type=\"heading.default\">\n\t\t\t\t<div class=\"elementor-widget-container\">\n\t\t\t\t\t<h3 class=\"elementor-heading-title elementor-size-default\">III. INFORMATION TILL DEN ANST\u00c4LLDE<\/h3>\t\t\t\t<\/div>\n\t\t\t\t<\/div>\n\t\t\t\t<div class=\"elementor-element elementor-element-783a250 elementor-widget elementor-widget-text-editor\" data-id=\"783a250\" data-element_type=\"widget\" data-widget_type=\"text-editor.default\">\n\t\t\t\t<div class=\"elementor-widget-container\">\n\t\t\t\t\t\t\t\t\t<p class=\"tm-0\">Den anst\u00e4lldes uppgifter behandlas p\u00e5 grundval av arbetslagstiftningen f\u00f6r syftet med anst\u00e4llningsf\u00f6rh\u00e5llandet och lagras i enlighet med genomf\u00f6randebest\u00e4mmelserna i personalakten.<\/p><p class=\"tm-0\">Video\u00f6vervakning \u00e4r installerad p\u00e5 arbetsplatsen.<\/p><p class=\"tm-0\">Syftet med \u00f6vervakningen \u00e4r: att garantera de anst\u00e4lldas s\u00e4kerhet, skydda egendom och kontrollera produktionen.<\/p><p class=\"tm-0\">Omfattning av \u00f6vervakningen. Produktionshallar, kommunikations- och processv\u00e4gar i hela anl\u00e4ggningen \u00f6vervakas, med undantag f\u00f6r sanit\u00e4ra anl\u00e4ggningar och omkl\u00e4dningsrum.<\/p><p class=\"tm-0\">\u00d6vervakningsn\u00e4tverket best\u00e5r av kameror som \u00e4r placerade p\u00e5 synliga platser p\u00e5 arbetsplatsen och vars placering kommer att anges f\u00f6r den anst\u00e4llde under den f\u00f6rsta genomg\u00e5ngen av arbetsplatsens utformning. \u00d6vervakningsinspelningarna lagras i en m\u00e5nad p\u00e5 en diskett som finns p\u00e5 arbetsplatsen, varefter de raderas automatiskt.<\/p><p class=\"tm-0\">I enlighet med best\u00e4mmelserna i Europaparlamentets och r\u00e5dets allm\u00e4nna f\u00f6rordning (EU) 2016\/679 av den 27 april 2016 om skydd f\u00f6r fysiska personer med avseende p\u00e5 behandling av personuppgifter och om det fria fl\u00f6det av s\u00e5dana uppgifter och om upph\u00e4vande av direktiv 95\/46\/EG (RODO) informerar jag er om f\u00f6ljande:<\/p><ol class=\"tresc1\" start=\"18\"><li>Administrat\u00f6ren som behandlar den anst\u00e4lldes personuppgifter \u00e4r JACEK NOGAJ som bedriver verksamhet under namnet P.H.U.P. \u201cDajano\u201d Jacek Nogaj ul. Ogrodowa 71, 62-680 Opat\u00f3wek, tel. (062) 769 18 41, e-post: box@dajano.pl, NIP: 6180011390.<\/li><li>Av best\u00e4mmelserna i Europaparlamentets ovann\u00e4mnda f\u00f6rordning f\u00f6ljer att en enskild person vars uppgifter behandlas har r\u00e4tt att av den personuppgiftsansvarige beg\u00e4ra tillg\u00e5ng till, r\u00e4ttelse av, radering av eller begr\u00e4nsning av behandlingen av personuppgifter som r\u00f6r den registrerade, samt att inv\u00e4nda mot behandlingen och har r\u00e4tt till dataportabilitet.<\/li><li>Personuppgifter kommer inte att vidarebefordras till datamottagare eller tredje part annat \u00e4n:<br \/><ul class=\"tresc\"><li>beh\u00f6riga anst\u00e4llda hos administrat\u00f6ren,<\/li><li>till f\u00f6ljd av lagstiftningen.<\/li><li>f\u00f6r implementeringen av bolagets banktj\u00e4nst,<\/li><li>tj\u00e4nsteleverant\u00f6rer som enligt avtal har anf\u00f6rtrotts behandling av personuppgifter f\u00f6r utf\u00f6rande av tj\u00e4nster som tillhandah\u00e5lls administrat\u00f6ren, deras beh\u00f6riga anst\u00e4llda - i den utstr\u00e4ckning som kr\u00e4vs f\u00f6r att dessa tj\u00e4nster ska kunna utf\u00f6ras korrekt, i synnerhet uppgifter som samlas in av telematikanordningar med avseende p\u00e5 r\u00f6relsehastighet, aktuell position, f\u00e4rdv\u00e4g, l\u00e4ngden p\u00e5 pauser under resan, de bes\u00f6kta platserna samlas in f\u00f6r att \u00f6ka arbetss\u00e4kerheten, optimera logistiska operationer och \u00f6vervaka utf\u00f6randet av de anst\u00e4lldas anf\u00f6rtrodda uppgifter,<\/li><li>enheter som samarbetar med den personuppgiftsansvarige och till vilka personuppgifter g\u00f6rs tillg\u00e4ngliga p\u00e5 grundval av den registrerades samtycke och f\u00f6r de \u00e4ndam\u00e5l som anges d\u00e4r.<\/li><\/ul><\/li><li>Personuppgifter kommer inte att \u00f6verf\u00f6ras till ett tredje land eller en internationell organisation.<\/li><li>Tillhandah\u00e5llandet av personuppgifter \u00e4r ett lagstadgat krav och \u00e4r obligatoriskt (artikel 6.1 c i RODO). Behandlingen av de personuppgifter som tillhandah\u00e5lls av den anst\u00e4llde kommer inte att vara f\u00f6rem\u00e5l f\u00f6r automatiserat beslutsfattande i efterhand, inklusive profilering, som avses i artikel 22.1 och 22.4 i RODO.<\/li><li>Om en anst\u00e4lld anser att behandlingen strider mot lagen - har han\/hon r\u00e4tt att l\u00e4mna in ett klagom\u00e5l till tillsynsmyndigheten, som \u00e4r Office for Personal Data Protection (00-193 Warszawa, ul. Stawki 2, tel. 22 531 03 00, fax. 22 531 03 01.<\/li><li>En anst\u00e4llds personakt arkiveras i 50 \u00e5r i enlighet med arbets- och socialministerns f\u00f6rordning av den 28 maj 1996 om omfattningen av arbetsgivarens registerh\u00e5llning i fr\u00e5gor som r\u00f6r anst\u00e4llningsf\u00f6rh\u00e5llandet och s\u00e4ttet att bevara en anst\u00e4llds personakt (Dz.U.1996.62.286).<\/li><\/ol>\t\t\t\t\t\t\t\t<\/div>\n\t\t\t\t<\/div>\n\t\t\t\t<div class=\"elementor-element elementor-element-ee2657c elementor-widget elementor-widget-heading\" data-id=\"ee2657c\" data-element_type=\"widget\" data-widget_type=\"heading.default\">\n\t\t\t\t<div class=\"elementor-widget-container\">\n\t\t\t\t\t<h3 class=\"elementor-heading-title elementor-size-default\">IV. INFORMATION OM COOKIES\n<\/h3>\t\t\t\t<\/div>\n\t\t\t\t<\/div>\n\t\t\t\t<div class=\"elementor-element elementor-element-9324cc5 elementor-widget elementor-widget-text-editor\" data-id=\"9324cc5\" data-element_type=\"widget\" data-widget_type=\"text-editor.default\">\n\t\t\t\t<div class=\"elementor-widget-container\">\n\t\t\t\t\t\t\t\t\t<div class=\"container-main\"><div class=\"container\"><div class=\"main\"><p class=\"tm-0\">F\u00f6ljande modell f\u00f6r cookiepolicy skyddas av upphovsr\u00e4tt som innehas av IAB Poland. k\u00e4lla till information:\u00a0<a href=\"http:\/\/wszystkoociasteczkach.pl\/\" target=\"_blank\" rel=\"nofollow noopener\">http:\/\/wszystkoociasteczkach.pl\/<\/a>.<\/p><ol class=\"tresc1\"><li>Webbplatsen samlar inte in n\u00e5gon information automatiskt, med undantag f\u00f6r den information som finns i cookies.<\/li><li>Cookies (s.k. \u201ekakor\u201d) \u00e4r IT-data, i synnerhet textfiler, som lagras i Tj\u00e4nsteanv\u00e4ndarens terminalutrustning och \u00e4r avsedda att anv\u00e4ndas p\u00e5 Webbplatsen. Cookies inneh\u00e5ller vanligtvis namnet p\u00e5 den webbplats de kommer fr\u00e5n, den tid de lagras i terminalutrustningen och ett unikt nummer.<\/li><li>Den enhet som placerar cookies p\u00e5 tj\u00e4nsteanv\u00e4ndarens terminalutrustning och f\u00e5r tillg\u00e5ng till dem \u00e4r tj\u00e4nsteoperat\u00f6ren www.dajano.pl.; Jacek Nogaj som bedriver verksamhet under namnet P.H.U.P. \u201cDajano\u201d Jacek Nogaj ul. Ogrodowa 71, 62-680 Opat\u00f3wek.<\/li><li>Cookies anv\u00e4nds f\u00f6r:<ul class=\"tresc\"><li>anpassa inneh\u00e5llet p\u00e5 webbplatsens sidor till anv\u00e4ndarens preferenser och optimera anv\u00e4ndningen av webbplatserna; i synnerhet g\u00f6r dessa filer det m\u00f6jligt att k\u00e4nna igen webbplatsanv\u00e4ndarens enhet och visa webbplatsen p\u00e5 l\u00e4mpligt s\u00e4tt, anpassat till hans\/hennes individuella behov;<\/li><li>skapa statistik som hj\u00e4lper oss att f\u00f6rst\u00e5 hur bes\u00f6kare p\u00e5 webbplatsen anv\u00e4nder webbplatserna, vilket g\u00f6r det m\u00f6jligt f\u00f6r oss att f\u00f6rb\u00e4ttra deras struktur och inneh\u00e5ll;<\/li><\/ul><\/li><li>Webbplatsen anv\u00e4nder tv\u00e5 huvudtyper av cookies: \u201esession\u201d (session cookies) och \u201epermanent\u201d (persistent cookies). \u201eSessionscookies\u201d \u00e4r tillf\u00e4lliga filer som lagras i anv\u00e4ndarens terminalutrustning tills denne loggar ut, l\u00e4mnar webbplatsen eller st\u00e4nger av programvaran (webbl\u00e4saren). \u201ePermanenta\u201d cookies lagras p\u00e5 anv\u00e4ndarens terminalutrustning under den tid som anges i parametrarna f\u00f6r cookies eller tills de raderas av anv\u00e4ndaren.<\/li><li>F\u00f6ljande typer av cookies anv\u00e4nds inom ramen f\u00f6r Tj\u00e4nsten:<ul class=\"tresc\"><li>\u201cn\u00f6dv\u00e4ndiga\u201d cookies f\u00f6r att m\u00f6jligg\u00f6ra anv\u00e4ndning av de tj\u00e4nster som finns tillg\u00e4ngliga p\u00e5 webbplatsen, t.ex. autentiseringscookies som anv\u00e4nds f\u00f6r tj\u00e4nster som kr\u00e4ver autentisering p\u00e5 webbplatsen;<\/li><li>cookies som anv\u00e4nds av s\u00e4kerhetssk\u00e4l, t.ex. f\u00f6r att uppt\u00e4cka missbruk av autentisering p\u00e5 webbplatsen;<\/li><li>\u201cPerformance\u201d-cookies, som g\u00f6r det m\u00f6jligt att samla in information om anv\u00e4ndningen av webbplatsens webbsidor;<\/li><li>\u201cFunktionella\u201d cookies, som g\u00f6r det m\u00f6jligt att \u201ekomma ih\u00e5g\u201d anv\u00e4ndarens valda inst\u00e4llningar och anpassa anv\u00e4ndarens gr\u00e4nssnitt, t.ex. med avseende p\u00e5 anv\u00e4ndarens valda spr\u00e5k eller ursprungsregion, teckenstorlek, webbplatsens utformning etc;<\/li><li>\u201creklam\u201d-cookies som g\u00f6r det m\u00f6jligt att leverera reklaminneh\u00e5ll till anv\u00e4ndarna som \u00e4r mer anpassat till deras intressen.<\/li><\/ul><\/li><li>I m\u00e5nga fall till\u00e5ter webbl\u00e4sarprogrammet (webbl\u00e4saren) att cookies lagras p\u00e5 anv\u00e4ndarens terminalutrustning som standard. Anv\u00e4ndare av webbplatsen kan n\u00e4r som helst \u00e4ndra sina inst\u00e4llningar f\u00f6r cookies. Dessa inst\u00e4llningar kan s\u00e4rskilt \u00e4ndras s\u00e5 att de blockerar automatisk hantering av cookies i webbl\u00e4sarens inst\u00e4llningar eller informerar om att de varje g\u00e5ng placeras i utrustningen hos en anv\u00e4ndare av tj\u00e4nsten. Detaljerad information om m\u00f6jligheten och metoderna f\u00f6r att anv\u00e4nda cookies finns i inst\u00e4llningarna f\u00f6r din programvara (webbl\u00e4sare).<\/li><li>Webbplatsoperat\u00f6ren informerar dig om att begr\u00e4nsningar av anv\u00e4ndningen av cookies kan p\u00e5verka vissa av de funktioner som finns tillg\u00e4ngliga p\u00e5 webbplatsen.<\/li><li>Cookies placeras i Tj\u00e4nsteanv\u00e4ndarens terminalutrustning och kan \u00e4ven anv\u00e4ndas av annons\u00f6rer och partners som samarbetar med Tj\u00e4nsteoperat\u00f6ren.<\/li><li>Mer information om cookies finns p\u00e5 http:\/\/wszystkoociasteczkach.pl\/ eller i avsnittet \u201eHj\u00e4lp\u201d i din webbl\u00e4sares meny.<\/li><\/ol><div class=\"clear\">\u00a0<\/div><\/div><\/div><\/div>\t\t\t\t\t\t\t\t<\/div>\n\t\t\t\t<\/div>\n\t\t\t\t\t<\/div>\n\t\t<\/div>\n\t\t\t\t\t<\/div>\n\t\t<\/section>\n\t\t\t\t<\/div>","protected":false},"excerpt":{"rendered":"<p>Regulamin strony RODO &#8211; Warunki i zasady u\u017cytkowania strony I. INFORMACJA DLA KLIENT\u00d3W Zgodnie z postanowieniami og\u00f3lnego Rozporz\u0105dzenia Parlamentu Europejskiego i Rady (UE) 2016\/679 z dnia 27 kwietnia 2016 r. w sprawie ochrony os\u00f3b fizycznych w zwi\u0105zku z przetwarzaniem danych osobowych i w sprawie swobodnego przep\u0142ywu takich danych oraz uchylenia dyrektywy 95\/46\/WE (RODO), informuj\u0119, \u017ce:&#8230;<\/p>","protected":false},"author":1,"featured_media":0,"parent":0,"menu_order":0,"comment_status":"closed","ping_status":"closed","template":"","meta":{"_seopress_robots_primary_cat":"0","_seopress_titles_title":"","_seopress_titles_desc":"","_seopress_robots_index":"","footnotes":""},"class_list":["post-988784","page","type-page","status-publish","hentry"],"_links":{"self":[{"href":"https:\/\/dajano.pl\/se\/wp-json\/wp\/v2\/pages\/988784","targetHints":{"allow":["GET"]}}],"collection":[{"href":"https:\/\/dajano.pl\/se\/wp-json\/wp\/v2\/pages"}],"about":[{"href":"https:\/\/dajano.pl\/se\/wp-json\/wp\/v2\/types\/page"}],"author":[{"embeddable":true,"href":"https:\/\/dajano.pl\/se\/wp-json\/wp\/v2\/users\/1"}],"replies":[{"embeddable":true,"href":"https:\/\/dajano.pl\/se\/wp-json\/wp\/v2\/comments?post=988784"}],"version-history":[{"count":0,"href":"https:\/\/dajano.pl\/se\/wp-json\/wp\/v2\/pages\/988784\/revisions"}],"wp:attachment":[{"href":"https:\/\/dajano.pl\/se\/wp-json\/wp\/v2\/media?parent=988784"}],"curies":[{"name":"wp","href":"https:\/\/api.w.org\/{rel}","templated":true}]}}